{"id":985,"date":"2023-06-01T10:43:54","date_gmt":"2023-06-01T10:43:54","guid":{"rendered":"https:\/\/javierladino.com\/fr\/?post_type=rara-portfolio&#038;p=985"},"modified":"2023-06-01T11:50:59","modified_gmt":"2023-06-01T11:50:59","slug":"la-delinquance-a-nantes-selon-la-presse-analyse-textuelle","status":"publish","type":"rara-portfolio","link":"https:\/\/javierladino.com\/fr\/portfolio\/la-delinquance-a-nantes-selon-la-presse-analyse-textuelle\/","title":{"rendered":"La d\u00e9linquance \u00e0 Nantes selon la presse: Analyse textuelle"},"content":{"rendered":"\n<p>En 2022, les m\u00e9dias, notamment la presse \u00e9crite, ont publi\u00e9 de nombreux articles sur la d\u00e9linquance \u00e0 Nantes, un sujet qui semble \u00eatre devenu un probl\u00e8me majeur de s\u00e9curit\u00e9 publique dans l&rsquo;agglom\u00e9ration. En effet, ces derniers mois, plusieurs faits de d\u00e9linquance se sont d\u00e9roul\u00e9s dans cette r\u00e9gion ce qui a provoqu\u00e9 l\u2019augmentation des publications par rapport \u00e0 ce sujet, ainsi que les protestations de la population locale.<\/p>\n\n\n\n<p>L&rsquo;objectif de ce projet est de faire une analyse textuelle des articles de presse par rapport \u00e0 son orientation politique en utilisant la base de donn\u00e9es <strong>EuroPresse<\/strong>. Pour cela, une classification des journaux sera effectu\u00e9e pour mieux comprendre leur tendance politique et ainsi les classer entre droite, centre et gauche. Ce classement aidera \u00e0 comprendre comment la presse aborde le sujet de la d\u00e9linquance \u00e0 Nantes de mani\u00e8re g\u00e9n\u00e9rale et aussi \u00e0 v\u00e9rifier s\u2019il y a des diff\u00e9rences dans l\u2019approche \u00e0 propos de ce sujet concernant la tendance politique de chaque journal.<br><br>A partir de ce classement seront g\u00e9r\u00e9 trois corpus, un pour chaque orientation politique qui seront utilis\u00e9s pour faire l\u2019analyse textual dans l\u2019outil <strong>Voyant tools<\/strong>. \u00c0 la fin, avec le d\u00e9veloppement de visualisations de donn\u00e9es, nous serons en mesure de renforcer la comparaison et l&rsquo;analyse du sujet.<\/p>\n\n\n\n<h2 class=\"wp-block-heading\"><strong>Mindmap<\/strong><\/h2>\n\n\n\n<figure class=\"wp-block-image size-full\"><img loading=\"lazy\" decoding=\"async\" width=\"1008\" height=\"582\" src=\"https:\/\/javierladino.com\/fr\/wp-content\/uploads\/2023\/06\/imagen13.png\" alt=\"\" class=\"wp-image-1004\" srcset=\"https:\/\/javierladino.com\/fr\/wp-content\/uploads\/2023\/06\/imagen13.png 1008w, https:\/\/javierladino.com\/fr\/wp-content\/uploads\/2023\/06\/imagen13-300x173.png 300w, https:\/\/javierladino.com\/fr\/wp-content\/uploads\/2023\/06\/imagen13-768x443.png 768w, https:\/\/javierladino.com\/fr\/wp-content\/uploads\/2023\/06\/imagen13-330x190.png 330w, https:\/\/javierladino.com\/fr\/wp-content\/uploads\/2023\/06\/imagen13-104x60.png 104w\" sizes=\"auto, (max-width: 1008px) 100vw, 1008px\" \/><\/figure>\n\n\n\n<p>Pour l&rsquo;ensemble des publications choisies dans la plateforme <strong>Europresse<\/strong>, nous donnerons un contexte \u00e0 ces 5 termes principaux :<\/p>\n\n\n\n<p><strong>&#8211; La population, le crime, le gouvernement, les m\u00e9dias et le contexte.<\/strong><\/p>\n\n\n<div class=\"wp-block-image is-style-default\">\n<figure class=\"aligncenter size-large\"><img loading=\"lazy\" decoding=\"async\" width=\"1024\" height=\"528\" src=\"https:\/\/javierladino.com\/fr\/wp-content\/uploads\/2023\/06\/eurpresse_1-1024x528.png\" alt=\"https:\/\/nouveau-europresse-com\" class=\"wp-image-986\" srcset=\"https:\/\/javierladino.com\/fr\/wp-content\/uploads\/2023\/06\/eurpresse_1-1024x528.png 1024w, https:\/\/javierladino.com\/fr\/wp-content\/uploads\/2023\/06\/eurpresse_1-300x155.png 300w, https:\/\/javierladino.com\/fr\/wp-content\/uploads\/2023\/06\/eurpresse_1-768x396.png 768w, https:\/\/javierladino.com\/fr\/wp-content\/uploads\/2023\/06\/eurpresse_1-116x60.png 116w, https:\/\/javierladino.com\/fr\/wp-content\/uploads\/2023\/06\/eurpresse_1.png 1187w\" sizes=\"auto, (max-width: 1024px) 100vw, 1024px\" \/><figcaption class=\"wp-element-caption\"><a rel=\"noreferrer noopener\" href=\"https:\/\/nouveau-europresse-com\" target=\"_blank\">https:\/\/nouveau-europresse-com<\/a><\/figcaption><\/figure>\n<\/div>\n\n\n<p>Dans le cadre de l&rsquo;analyse des textes li\u00e9s \u00e0 notre th\u00e8me \u00a0\u00bb <strong>La d\u00e9linquance \u00e0 Nantes selon la presse<\/strong> \u00ab\u00a0, nous avons s\u00e9lectionn\u00e9 pour notre corpus <strong>20 articles de presse<\/strong> issus de diff\u00e9rents m\u00e9dias, cat\u00e9goris\u00e9s selon leur orientation politique ou leur ligne \u00e9ditoriale.<\/p>\n\n\n\n<p>Bien que le probl\u00e8me de la d\u00e9linquance \u00e0 Nantes et en France soit pr\u00e9sent en raison de diff\u00e9rents facteurs, un classement de l&rsquo;ins\u00e9curit\u00e9 par un portail serbe appel\u00e9 <strong>Numbeo<\/strong>, qui plac\u00e9 Nantes \u00e0 la 47e place des villes les moins s\u00fbres du monde, juste devant Bogota (48e), a \u00e9t\u00e9 largement diffus\u00e9 le week-end du <strong>24 et 25 septembre 2022<\/strong> sur les r\u00e9seaux sociaux. En particulier sur les comptes sociaux marqu\u00e9s \u00e0 droite et \u00e0 l&rsquo;extr\u00eame droite de la politique.<\/p>\n\n\n\n<p>Cette publication, plus un cas de viol pr\u00e8s du centre ville en octobre a provoqu\u00e9 des r\u00e9actions de la part des m\u00e9dias en France et des internautes \u00e0 grande \u00e9chelle, o\u00f9 elle a suscit\u00e9 pour certains l&rsquo;indignation et pour d&rsquo;autres (politiques et influenceurs) une source de controverse pour le gouvernement actuel.Ce classement est bas\u00e9 sur <strong>Numbeo, une base de donn\u00e9es serbe<\/strong> qui se d\u00e9crit comme \u00ab\u00a0mondiale\u00a0\u00bb. Il combine les opinions des internautes sur leur sentiment de s\u00e9curit\u00e9 dans les villes, qu&rsquo;ils y vivent ou non. En raison du petit nombre d&rsquo;enregistrements et de la mani\u00e8re dont les informations sont collect\u00e9es, il ne peut s&rsquo;agir d&rsquo;une source viable pour un sujet aussi sensible.<\/p>\n\n\n<div class=\"wp-block-image\">\n<figure class=\"aligncenter size-full\"><img loading=\"lazy\" decoding=\"async\" width=\"955\" height=\"371\" src=\"https:\/\/javierladino.com\/fr\/wp-content\/uploads\/2023\/06\/numbeo1.png\" alt=\"\" class=\"wp-image-987\" srcset=\"https:\/\/javierladino.com\/fr\/wp-content\/uploads\/2023\/06\/numbeo1.png 955w, https:\/\/javierladino.com\/fr\/wp-content\/uploads\/2023\/06\/numbeo1-300x117.png 300w, https:\/\/javierladino.com\/fr\/wp-content\/uploads\/2023\/06\/numbeo1-768x298.png 768w, https:\/\/javierladino.com\/fr\/wp-content\/uploads\/2023\/06\/numbeo1-154x60.png 154w\" sizes=\"auto, (max-width: 955px) 100vw, 955px\" \/><figcaption class=\"wp-element-caption\"><a href=\"https:\/\/fr.numbeo.com\/criminalit%C3%A9\/classements-actuels\" target=\"_blank\" rel=\"noreferrer noopener\">https:\/\/fr.numbeo.com\/criminalit%C3%A9\/classements-actuels<\/a><\/figcaption><\/figure>\n<\/div>\n\n\n<p>Normalement, en fonction de leur propri\u00e9taire, chaque m\u00e9dia a une orientation qui poursuit certains int\u00e9r\u00eats dans sa fa\u00e7on d&rsquo;informer le public. Afin d&rsquo;\u00e9viter d&rsquo;\u00eatre partiaux ou biais\u00e9s, les m\u00e9dias n&rsquo;annoncent g\u00e9n\u00e9ralement pas leur orientation comme un synonyme de transparence.<\/p>\n\n\n<div class=\"wp-block-image\">\n<figure class=\"aligncenter size-large\"><img loading=\"lazy\" decoding=\"async\" width=\"1024\" height=\"768\" src=\"https:\/\/javierladino.com\/fr\/wp-content\/uploads\/2023\/06\/poster_medias_francais_8060-v18-1024x768.png\" alt=\"\" class=\"wp-image-988\" srcset=\"https:\/\/javierladino.com\/fr\/wp-content\/uploads\/2023\/06\/poster_medias_francais_8060-v18-1024x768.png 1024w, https:\/\/javierladino.com\/fr\/wp-content\/uploads\/2023\/06\/poster_medias_francais_8060-v18-300x225.png 300w, https:\/\/javierladino.com\/fr\/wp-content\/uploads\/2023\/06\/poster_medias_francais_8060-v18-768x576.png 768w, https:\/\/javierladino.com\/fr\/wp-content\/uploads\/2023\/06\/poster_medias_francais_8060-v18-1536x1152.png 1536w, https:\/\/javierladino.com\/fr\/wp-content\/uploads\/2023\/06\/poster_medias_francais_8060-v18-2048x1536.png 2048w, https:\/\/javierladino.com\/fr\/wp-content\/uploads\/2023\/06\/poster_medias_francais_8060-v18-80x60.png 80w\" sizes=\"auto, (max-width: 1024px) 100vw, 1024px\" \/><figcaption class=\"wp-element-caption\"><a href=\"https:\/\/www.monde-diplomatique.fr\/IMG\/png\/poster_medias_francais_8060-v18.png\">https:\/\/www.monde-diplomatique.fr\/IMG\/png\/poster_medias_francais_8060-v18.png<\/a><\/figcaption><\/figure>\n<\/div>\n\n<div class=\"wp-block-image\">\n<figure class=\"aligncenter size-full\"><img loading=\"lazy\" decoding=\"async\" width=\"778\" height=\"728\" src=\"https:\/\/javierladino.com\/fr\/wp-content\/uploads\/2023\/06\/media1.png\" alt=\"\" class=\"wp-image-989\" srcset=\"https:\/\/javierladino.com\/fr\/wp-content\/uploads\/2023\/06\/media1.png 778w, https:\/\/javierladino.com\/fr\/wp-content\/uploads\/2023\/06\/media1-300x281.png 300w, https:\/\/javierladino.com\/fr\/wp-content\/uploads\/2023\/06\/media1-768x719.png 768w, https:\/\/javierladino.com\/fr\/wp-content\/uploads\/2023\/06\/media1-64x60.png 64w\" sizes=\"auto, (max-width: 778px) 100vw, 778px\" \/><figcaption class=\"wp-element-caption\"><a href=\"https:\/\/www.acpm.fr\/Les-chiffres\/Diffusion-Presse\/Presse-Payante\/Presse-Quotidienne-Nationale\" target=\"_blank\" rel=\"noreferrer noopener\">https:\/\/www.acpm.fr\/Les-chiffres\/Diffusion-Presse\/Presse-Payante\/Presse-Quotidienne-Nationale<\/a><\/figcaption><\/figure>\n<\/div>\n\n\n<p>Toutefois, gr\u00e2ce \u00e0 divers articles et r\u00e9f\u00e9rentiels sur le web, nous pouvons constituer une base de donn\u00e9es m\u00e9diatique qui nous aidera \u00e0 filtrer notre recherche.<\/p>\n\n\n\n<p>Nous analyserons les textes des articles de presse \u00e9crite extraits et rassembl\u00e9s dans les 3 corpus par individu (Centre, gauche et droite).<\/p>\n\n\n<div class=\"wp-block-image\">\n<figure class=\"aligncenter size-full\"><img loading=\"lazy\" decoding=\"async\" width=\"456\" height=\"567\" src=\"https:\/\/javierladino.com\/fr\/wp-content\/uploads\/2023\/06\/ligne_media_1.png\" alt=\"\" class=\"wp-image-990\" srcset=\"https:\/\/javierladino.com\/fr\/wp-content\/uploads\/2023\/06\/ligne_media_1.png 456w, https:\/\/javierladino.com\/fr\/wp-content\/uploads\/2023\/06\/ligne_media_1-241x300.png 241w, https:\/\/javierladino.com\/fr\/wp-content\/uploads\/2023\/06\/ligne_media_1-48x60.png 48w\" sizes=\"auto, (max-width: 456px) 100vw, 456px\" \/><figcaption class=\"wp-element-caption\">Orientation politique des principaux m\u00e9dias imprim\u00e9s en France.<\/figcaption><\/figure>\n<\/div>\n\n\n<p>Pour les \u00e9tudier, nous utiliserons <strong>Voyant Tools<\/strong>, une application web de fouille de texte open source qui nous permet d&rsquo;ins\u00e9rer toutes sortes de fichiers contenant du texte.<\/p>\n\n\n<figure class=\"wp-block-post-featured-image\"><img loading=\"lazy\" decoding=\"async\" width=\"1210\" height=\"777\" src=\"https:\/\/javierladino.com\/fr\/wp-content\/uploads\/2023\/06\/voyant1.png\" class=\"attachment-post-thumbnail size-post-thumbnail wp-post-image\" alt=\"\" style=\"object-fit:cover;\" srcset=\"https:\/\/javierladino.com\/fr\/wp-content\/uploads\/2023\/06\/voyant1.png 1210w, https:\/\/javierladino.com\/fr\/wp-content\/uploads\/2023\/06\/voyant1-300x193.png 300w, https:\/\/javierladino.com\/fr\/wp-content\/uploads\/2023\/06\/voyant1-1024x658.png 1024w, https:\/\/javierladino.com\/fr\/wp-content\/uploads\/2023\/06\/voyant1-768x493.png 768w, https:\/\/javierladino.com\/fr\/wp-content\/uploads\/2023\/06\/voyant1-93x60.png 93w\" sizes=\"auto, (max-width: 1210px) 100vw, 1210px\" \/><\/figure>\n\n\n<p class=\"has-text-align-center has-small-font-size\"><a href=\"https:\/\/voyant-tools.org\/\" target=\"_blank\" rel=\"noreferrer noopener\">https:\/\/voyant-tools.org\/<\/a><\/p>\n\n\n\n<h2 class=\"wp-block-heading\"><strong>Articles de recherches<\/strong><\/h2>\n\n\n\n<p>Nous commencerons par analyser le corpus contenant les articles de presse des <strong>m\u00e9dias politiques de droite<\/strong>. Apr\u00e8s avoir import\u00e9 le fichier texte dans l&rsquo;application Voyant Tools, nous supprimons les termes ou mots vides pour visualiser notre premier nuage de mots. La taille des termes qui apparaissent indique leur fr\u00e9quence dans le corpus.<\/p>\n\n\n<div class=\"wp-block-image\">\n<figure class=\"aligncenter size-full\"><img loading=\"lazy\" decoding=\"async\" width=\"610\" height=\"430\" src=\"https:\/\/javierladino.com\/fr\/wp-content\/uploads\/2023\/06\/droite_f.png\" alt=\"\" class=\"wp-image-993\" srcset=\"https:\/\/javierladino.com\/fr\/wp-content\/uploads\/2023\/06\/droite_f.png 610w, https:\/\/javierladino.com\/fr\/wp-content\/uploads\/2023\/06\/droite_f-300x211.png 300w, https:\/\/javierladino.com\/fr\/wp-content\/uploads\/2023\/06\/droite_f-85x60.png 85w\" sizes=\"auto, (max-width: 610px) 100vw, 610px\" \/><figcaption class=\"wp-element-caption\">Nuage de mots &#8211; articles de presse des m\u00e9dias politiques de droite<\/figcaption><\/figure>\n<\/div>\n\n\n<p>Ce premier corpus contient <strong>11 articles<\/strong> de presse provenant de <strong>6 journaux<\/strong>, <strong>7621 mots<\/strong> et <strong>2142 formes verbales uniques<\/strong>.<\/p>\n\n\n\n<ul class=\"wp-block-list\">\n<li>Densit\u00e9 du vocabulaire : <strong>0.281<\/strong><\/li>\n\n\n\n<li>Readability Index: <strong>10.686<\/strong><\/li>\n\n\n\n<li>Moyenne des mots par phrase : <strong>24.8<\/strong><\/li>\n<\/ul>\n\n\n\n<p>Le terme ayant le plus d&rsquo;occurrences sera toujours le lieu de l&rsquo;\u00e9v\u00e9nement : <strong>\u00ab\u00a0Nantes\u00a0\u00bb <\/strong>avec 77 occurrences, suivi de <strong>\u00ab\u00a0Ville\u00a0\u00bb<\/strong> avec 35 occurrences et du pays d&rsquo;origine : <strong>\u00ab\u00a0France\u00a0\u00bb <\/strong>avec 26 occurrences.<br><br>Il est int\u00e9ressant de noter le contexte du mot \u00ab\u00a0<strong>France<\/strong>\u00ab\u00a0, qui se concentre sur l&rsquo;id\u00e9e de\u00a0\u00bb<strong>l&rsquo;immigration<\/strong>\u00a0\u00bb comme probl\u00e8me fondamental, alors que le mot \u00ab\u00a0<strong>Nantes<\/strong>\u00a0\u00bb est li\u00e9 \u00e0 des cas sp\u00e9cifiques et \u00e0 la fa\u00e7on dont il affecte l&rsquo;ensemble de ses habitants.<\/p>\n\n\n<div class=\"wp-block-image\">\n<figure class=\"aligncenter size-full\"><img loading=\"lazy\" decoding=\"async\" width=\"717\" height=\"223\" src=\"https:\/\/javierladino.com\/fr\/wp-content\/uploads\/2023\/06\/france_1.png\" alt=\"\" class=\"wp-image-994\" srcset=\"https:\/\/javierladino.com\/fr\/wp-content\/uploads\/2023\/06\/france_1.png 717w, https:\/\/javierladino.com\/fr\/wp-content\/uploads\/2023\/06\/france_1-300x93.png 300w, https:\/\/javierladino.com\/fr\/wp-content\/uploads\/2023\/06\/france_1-193x60.png 193w\" sizes=\"auto, (max-width: 717px) 100vw, 717px\" \/><\/figure>\n<\/div>\n\n\n<p>En utilisant un <em>StreamGraph <\/em>de Voyant Tools, nous pouvons observer que le comportement dans le flux des <strong>5 premiers mots<\/strong> tout au long du texte diminue dans l&rsquo;utilisation des termes, et montrant le pic de relativit\u00e9 le plus \u00e9lev\u00e9 pour \u00ab\u00a0<strong>d\u00e9linquance<\/strong>\u00a0\u00bb au d\u00e9but du document.<\/p>\n\n\n<div class=\"wp-block-image\">\n<figure class=\"aligncenter size-full\"><img loading=\"lazy\" decoding=\"async\" width=\"915\" height=\"357\" src=\"https:\/\/javierladino.com\/fr\/wp-content\/uploads\/2023\/06\/stream_droite1.png\" alt=\"\" class=\"wp-image-995\" srcset=\"https:\/\/javierladino.com\/fr\/wp-content\/uploads\/2023\/06\/stream_droite1.png 915w, https:\/\/javierladino.com\/fr\/wp-content\/uploads\/2023\/06\/stream_droite1-300x117.png 300w, https:\/\/javierladino.com\/fr\/wp-content\/uploads\/2023\/06\/stream_droite1-768x300.png 768w, https:\/\/javierladino.com\/fr\/wp-content\/uploads\/2023\/06\/stream_droite1-154x60.png 154w\" sizes=\"auto, (max-width: 915px) 100vw, 915px\" \/><figcaption class=\"wp-element-caption\">StreamGraph &#8211; articles de presse des m\u00e9dias politiques de droite<\/figcaption><\/figure>\n<\/div>\n\n<div class=\"wp-block-image\">\n<figure class=\"aligncenter size-full\"><img loading=\"lazy\" decoding=\"async\" width=\"736\" height=\"485\" src=\"https:\/\/javierladino.com\/fr\/wp-content\/uploads\/2023\/06\/gauche1.png\" alt=\"\" class=\"wp-image-996\" srcset=\"https:\/\/javierladino.com\/fr\/wp-content\/uploads\/2023\/06\/gauche1.png 736w, https:\/\/javierladino.com\/fr\/wp-content\/uploads\/2023\/06\/gauche1-300x198.png 300w, https:\/\/javierladino.com\/fr\/wp-content\/uploads\/2023\/06\/gauche1-91x60.png 91w\" sizes=\"auto, (max-width: 736px) 100vw, 736px\" \/><figcaption class=\"wp-element-caption\">Nuage de mots &#8211; articles de presse des m\u00e9dias politiques de gauche<\/figcaption><\/figure>\n<\/div>\n\n\n<p>Le deuxi\u00e8me nuage de mots est construit \u00e0 partir de l&rsquo;analyse du corpus contenant les articles de presse des <strong>m\u00e9dias politiques de gauche.<\/strong><\/p>\n\n\n\n<p>Ce corpus contient <strong>7 articles<\/strong> de presse provenant de <strong>5 journaux<\/strong>,<strong> 9204 mots<\/strong> et <strong>2554 formes verbales uniques<\/strong>.<\/p>\n\n\n\n<ul class=\"wp-block-list\">\n<li>Densit\u00e9 du vocabulaire :<strong> 0.277<\/strong><\/li>\n\n\n\n<li>Readability Index:<strong> 10.564<\/strong><\/li>\n\n\n\n<li>Moyenne des mots par phrase :<strong> 22.1<\/strong><\/li>\n<\/ul>\n\n\n\n<p>Nous constatons qu&rsquo;en plus des deux premiers termes \u00ab\u00a0<strong>Nantes<\/strong>\u00a0\u00bb (71) et \u00ab\u00a0<strong>ville<\/strong>\u00a0\u00bb (55) qui sont r\u00e9p\u00e9t\u00e9s du premier corpus dans les m\u00eames positions, nous commen\u00e7ons \u00e0 voir des diff\u00e9rences dans d&rsquo;autres mots, contenus et contextes. Le terme \u00ab\u00a0<strong>police<\/strong>\u00a0\u00bb (38) appara\u00eet en troisi\u00e8me position avec 38 occurrences et certains autres mots pertinents tels que \u00ab\u00a0<strong>centre<\/strong>\u00a0\u00bb (20), \u00ab\u00a0<strong>habitants<\/strong>\u00a0\u00bb (17), \u00ab\u00a0<strong>mairie<\/strong>\u00a0\u00bb (14) se distinguent.<br><br>Le graphique de tendance montrant le terme \u00ab\u00a0<strong>police<\/strong>\u00a0\u00bb sur le contenu du second corpus confirme l&rsquo;intention des m\u00e9dias de gauche de se concentrer sur la situation locale, les victimes, les solutions et les mesures \u00e0 prendre.<\/p>\n\n\n<div class=\"wp-block-image\">\n<figure class=\"aligncenter size-full\"><img loading=\"lazy\" decoding=\"async\" width=\"777\" height=\"492\" src=\"https:\/\/javierladino.com\/fr\/wp-content\/uploads\/2023\/06\/freq_policie.png\" alt=\"\" class=\"wp-image-997\" srcset=\"https:\/\/javierladino.com\/fr\/wp-content\/uploads\/2023\/06\/freq_policie.png 777w, https:\/\/javierladino.com\/fr\/wp-content\/uploads\/2023\/06\/freq_policie-300x190.png 300w, https:\/\/javierladino.com\/fr\/wp-content\/uploads\/2023\/06\/freq_policie-768x486.png 768w, https:\/\/javierladino.com\/fr\/wp-content\/uploads\/2023\/06\/freq_policie-95x60.png 95w\" sizes=\"auto, (max-width: 777px) 100vw, 777px\" \/><figcaption class=\"wp-element-caption\">Graphique de tendance<\/figcaption><\/figure>\n<\/div>\n\n\n<p>La ligne de bulles montre m\u00eame que le terme \u00ab\u00a0<strong>police<\/strong>\u00a0\u00bb pr\u00e9sente un pic de fr\u00e9quence plus \u00e9lev\u00e9 (<strong>9 occurrences<\/strong>) en fin de texte que les termes des deux premi\u00e8res positions (<strong>Nantes, ville<\/strong>).<\/p>\n\n\n<div class=\"wp-block-image\">\n<figure class=\"aligncenter size-full\"><img loading=\"lazy\" decoding=\"async\" width=\"930\" height=\"102\" src=\"https:\/\/javierladino.com\/fr\/wp-content\/uploads\/2023\/06\/bulles_gauche1.png\" alt=\"\" class=\"wp-image-998\" srcset=\"https:\/\/javierladino.com\/fr\/wp-content\/uploads\/2023\/06\/bulles_gauche1.png 930w, https:\/\/javierladino.com\/fr\/wp-content\/uploads\/2023\/06\/bulles_gauche1-300x33.png 300w, https:\/\/javierladino.com\/fr\/wp-content\/uploads\/2023\/06\/bulles_gauche1-768x84.png 768w, https:\/\/javierladino.com\/fr\/wp-content\/uploads\/2023\/06\/bulles_gauche1-547x60.png 547w\" sizes=\"auto, (max-width: 930px) 100vw, 930px\" \/><figcaption class=\"wp-element-caption\">Graphique de ligne de bulles<\/figcaption><\/figure>\n<\/div>\n\n\n<p>Pour notre troisi\u00e8me corpus, correspondant aux articles de presse des <strong>m\u00e9dias du centre, <\/strong>nous pouvons voir qu&rsquo;il contient <strong>4 articles<\/strong> de presse provenant de <strong>2 journaux<\/strong>, 2,635 mots et 822 formes verbales uniques.<\/p>\n\n\n\n<ul class=\"wp-block-list\">\n<li>Densit\u00e9 du vocabulaire : 0.312<\/li>\n\n\n\n<li>Readability Index: 11.833<\/li>\n\n\n\n<li>Moyenne des mots par phrase : 27.7<\/li>\n\n\n\n<li>Mots les plus fr\u00e9quents : nantes (30); hommes (16); faits (15); ans (14); viol (11)<\/li>\n<\/ul>\n\n\n<div class=\"wp-block-image\">\n<figure class=\"aligncenter size-full\"><img loading=\"lazy\" decoding=\"async\" width=\"516\" height=\"392\" src=\"https:\/\/javierladino.com\/fr\/wp-content\/uploads\/2023\/06\/centref.png\" alt=\"\" class=\"wp-image-999\" srcset=\"https:\/\/javierladino.com\/fr\/wp-content\/uploads\/2023\/06\/centref.png 516w, https:\/\/javierladino.com\/fr\/wp-content\/uploads\/2023\/06\/centref-300x228.png 300w, https:\/\/javierladino.com\/fr\/wp-content\/uploads\/2023\/06\/centref-79x60.png 79w\" sizes=\"auto, (max-width: 516px) 100vw, 516px\" \/><figcaption class=\"wp-element-caption\">Nuage de mots &#8211; articles de presse des m\u00e9dias politiques de centre<\/figcaption><\/figure>\n<\/div>\n\n\n<p>Le premier terme en occurrences est toujours \u00ab\u00a0<strong>Nantes<\/strong>\u00a0\u00bb (30), \u00ab\u00a0<strong>ville<\/strong>\u00a0\u00bb et \u00ab\u00a0<strong>police<\/strong>\u00a0\u00bb disparaissent par rapport aux deux corpus pr\u00e9c\u00e9dents, et l&rsquo;on constate une mise en avant du mot \u00ab\u00a0<strong>hommes<\/strong>\u00a0\u00bb qui est li\u00e9 par le contexte de l&rsquo;ensemble du texte aux affaires criminelles enregistr\u00e9es dans les articles de presse.<\/p>\n\n\n<div class=\"wp-block-image\">\n<figure class=\"aligncenter size-full\"><img loading=\"lazy\" decoding=\"async\" width=\"924\" height=\"300\" src=\"https:\/\/javierladino.com\/fr\/wp-content\/uploads\/2023\/06\/imagen12.png\" alt=\"\" class=\"wp-image-1003\" srcset=\"https:\/\/javierladino.com\/fr\/wp-content\/uploads\/2023\/06\/imagen12.png 924w, https:\/\/javierladino.com\/fr\/wp-content\/uploads\/2023\/06\/imagen12-300x97.png 300w, https:\/\/javierladino.com\/fr\/wp-content\/uploads\/2023\/06\/imagen12-768x249.png 768w, https:\/\/javierladino.com\/fr\/wp-content\/uploads\/2023\/06\/imagen12-185x60.png 185w\" sizes=\"auto, (max-width: 924px) 100vw, 924px\" \/><\/figure>\n<\/div>\n\n\n<h2 class=\"wp-block-heading\"><strong>Conclusion<\/strong><\/h2>\n\n\n\n<p>Pour la mise en \u0153uvre de cette analyse, nous avons commenc\u00e9 par d\u00e9finir le probl\u00e8me de la d\u00e9linquance \u00e0 Nantes, mais nous n&rsquo;avons pas pris en compte le contexte fourni par l&rsquo;orientation politique de chaque m\u00e9dia. Ce processus de recherche et l&rsquo;enqu\u00eate unifi\u00e9e sur leur ligne \u00e9ditoriale ont pris plus de temps qu&rsquo;il n&rsquo;aurait d\u00fb, car la position politique n&rsquo;est pas claire en raison de probl\u00e8mes de transparence journalistique. \u00c0 cela s&rsquo;ajoute la crise post-pand\u00e9mique qui a provoqu\u00e9 ou accru de multiples crises sociales, dont celle qui nous occupe.<\/p>\n\n\n\n<p>Un \u00e9l\u00e9ment cl\u00e9 du processus sera toujours la validation des informations et des sources, car le consommateur dispose actuellement d&rsquo;un grand nombre de donn\u00e9es publi\u00e9es. C&rsquo;est pr\u00e9cis\u00e9ment l&rsquo;utilisation abusive d&rsquo;une source de donn\u00e9es non v\u00e9rifi\u00e9e qui a d\u00e9clench\u00e9 la prolif\u00e9ration des publications dans les m\u00e9dias et les r\u00e9seaux sociaux, car devant rectifier la situation avec des chiffres officiels et des sondages de perception, les autorit\u00e9s et le gouvernement ont \u00e9t\u00e9 contraints de se mobiliser et de fournir des explications.<\/p>\n\n\n<div class=\"wp-block-image\">\n<figure class=\"aligncenter size-full is-resized\"><img loading=\"lazy\" decoding=\"async\" src=\"https:\/\/javierladino.com\/fr\/wp-content\/uploads\/2023\/06\/bulles_3_corpus.png\" alt=\"\" class=\"wp-image-1000\" width=\"840\" height=\"205\" srcset=\"https:\/\/javierladino.com\/fr\/wp-content\/uploads\/2023\/06\/bulles_3_corpus.png 942w, https:\/\/javierladino.com\/fr\/wp-content\/uploads\/2023\/06\/bulles_3_corpus-300x73.png 300w, https:\/\/javierladino.com\/fr\/wp-content\/uploads\/2023\/06\/bulles_3_corpus-768x188.png 768w, https:\/\/javierladino.com\/fr\/wp-content\/uploads\/2023\/06\/bulles_3_corpus-246x60.png 246w\" sizes=\"auto, (max-width: 840px) 100vw, 840px\" \/><figcaption class=\"wp-element-caption\">Graphique de ligne de bulles du 3 corpus en cours d&rsquo;analyse<\/figcaption><\/figure>\n<\/div>\n\n\n<p>Gr\u00e2ce aux outils d&rsquo;exploration de texte utilis\u00e9s, nous sommes en mesure de visualiser les tendances et les contextes dans la mani\u00e8re dont les diff\u00e9rents m\u00e9dias orientent leur contenu, l&rsquo;importance qu&rsquo;un contenu peut avoir en fonction de sa ligne \u00e9ditoriale. Comprendre l&rsquo;int\u00e9r\u00eat et l&rsquo;objectif des m\u00e9dias nous donne plus de crit\u00e8res pour comparer les informations et pas seulement consommer ou valider la source.<\/p>\n\n\n\n<p>Apr\u00e8s l&rsquo;analyse, nous pouvons constater que dans les <strong>m\u00e9dias de droite<\/strong> orient\u00e9s politiquement, il existe une tendance \u00e0 utiliser des termes qui parlent de lieu et de faits, o\u00f9 la r\u00e9p\u00e9tition des mots \u00ab\u00a0<strong>criminalit\u00e9<\/strong> (25), <strong>s\u00e9curit\u00e9 <\/strong>(20), <strong>violence <\/strong>(17)\u00a0\u00bb dans le texte des articles de presse donne l&rsquo;impression d&rsquo;adopter une approche plus g\u00e9n\u00e9rale du probl\u00e8me, d&rsquo;abord de mani\u00e8re informative, en donnant un contexte au comportement des chiffres de la d\u00e9linquance au cours des ann\u00e9es et des mois pr\u00e9c\u00e9dents. Nous pouvons \u00e9galement mettre en \u00e9vidence des sujets tels que l&rsquo;augmentation de la population vers les petites villes apr\u00e8s la pand\u00e9mie de Covid, la croissance de la population immigr\u00e9e et le ralentissement de l&rsquo;\u00e9conomie qui est attendu dans cette \u00e8re post-pand\u00e9mique.<br><br>Pour le corpus contenant les articles des <strong>m\u00e9dias de gauche<\/strong>, il existe une tendance \u00e0 identifier des solutions rapides et des lacunes syst\u00e9miques en termes de pr\u00e9sence polici\u00e8re, de s\u00e9curit\u00e9 des habitants et d&rsquo;implication de la mairie en tant qu&rsquo;autorit\u00e9 locale. Dans le corpus du centre, se d\u00e9tache la mention des \u00ab\u00a0hommes\u00a0\u00bb, qui fait le lien avec les auteurs du probl\u00e8me de la d\u00e9linquance en g\u00e9n\u00e9ral.<\/p>\n\n\n<div class=\"wp-block-image\">\n<figure class=\"aligncenter size-full\"><img loading=\"lazy\" decoding=\"async\" width=\"828\" height=\"352\" src=\"https:\/\/javierladino.com\/fr\/wp-content\/uploads\/2023\/06\/freq_3_corpus.png\" alt=\"\" class=\"wp-image-1001\" srcset=\"https:\/\/javierladino.com\/fr\/wp-content\/uploads\/2023\/06\/freq_3_corpus.png 828w, https:\/\/javierladino.com\/fr\/wp-content\/uploads\/2023\/06\/freq_3_corpus-300x128.png 300w, https:\/\/javierladino.com\/fr\/wp-content\/uploads\/2023\/06\/freq_3_corpus-768x326.png 768w, https:\/\/javierladino.com\/fr\/wp-content\/uploads\/2023\/06\/freq_3_corpus-141x60.png 141w\" sizes=\"auto, (max-width: 828px) 100vw, 828px\" \/><figcaption class=\"wp-element-caption\">Graphique de tendances du 3 corpus en cours d&rsquo;analyse<\/figcaption><\/figure>\n<\/div>\n\n\n<p>Selon l&rsquo;analyse du corpus, les m\u00e9dias ont des tendances vari\u00e9es en tant que source d&rsquo;information et d&rsquo;opinion, et leur orientation politique marque leur inclinaison \u00e0 utiliser un langage qui transmet efficacement leur message. Elle confirme que la d\u00e9linquance est un probl\u00e8me complexe impliquant des facteurs sociaux, \u00e9conomiques et politiques. Certaines mesures ont \u00e9t\u00e9 prises en France pour lutter contre la d\u00e9linquance, comme le renforcement de la police et de la justice p\u00e9nale, la pr\u00e9vention de la d\u00e9linquance et la r\u00e9habilitation et la r\u00e9insertion des d\u00e9linquants : Cela comprend des programmes de traitement et de soutien pour aider les d\u00e9linquants \u00e0 se r\u00e9ins\u00e9rer dans la soci\u00e9t\u00e9 et pr\u00e9venir la r\u00e9cidive.<\/p>\n\n\n\n<p>La solution ne consistera pas \u00e0 comparer quelle ville ou quel pays est le plus dangereux, car chaque pays et chaque situation sont uniques. Le mieux est d&rsquo;\u00eatre bien inform\u00e9 et de prendre les meilleures d\u00e9cisions pour l&rsquo;avenir.<\/p>\n\n\n\n<pre class=\"wp-block-preformatted\">Ce projet a \u00e9t\u00e9 r\u00e9alis\u00e9 dans le cadre du module Humanit\u00e9s num\u00e9riques du Master M\u00e8ga Donn\u00e8es et analyse sociale (M\u00e8DAS) du Cnam.<\/pre>\n\n\n\n<h2 class=\"wp-block-heading\"><strong>Bibliographie<\/strong><\/h2>\n\n\n\n<p><a href=\"https:\/\/www.zotero.org\/groups\/4813228\/javierladino\/library\">Lien bibliographique vers le groupe d&rsquo;analyse Zotero<\/a><\/p>\n\n\n\n<p><strong>Articles de presse<\/strong><\/p>\n\n\n\n<p class=\"has-small-font-size\">Le Figaro &#8211;&nbsp; \u00abJ&rsquo;ai peur pour moi et mes petits-enfants\u00bb: \u00e0 Nantes, un millier de manifestants contre l&rsquo;ins\u00e9curit\u00e9. Thibault Dumas &#8211; Publi\u00e9 le 1 octobre 2022.&nbsp;<\/p>\n\n\n\n<p class=\"has-small-font-size\"><a href=\"https:\/\/nouveau-europresse-com.proxybib-pp.cnam.fr\/Link\/CNAM\/news%c2%b720221001%c2%b7LFF%c2%b7d5405355-41a5-11ed-8ff0-a0369f91f304\">https:\/\/nouveau-europresse-com.proxybib-pp.cnam.fr\/Link\/CNAM\/news%c2%b720221001%c2%b7LFF%c2%b7d5405355-41a5-11ed-8ff0-a0369f91f304<\/a><\/p>\n\n\n\n<p class=\"has-small-font-size\">Ouest-France &#8211; Pour dire stop \u00e0 l\u2019ins\u00e9curit\u00e9 \u00e0 Nantes, des centaines de personnes mobilis\u00e9es. Consult\u00e9 le 07\/10\/2022. Publi\u00e9 le 1 octobre 2022.<br><a href=\"https:\/\/www.ouest-france.fr\/pays-de-la-loire\/nantes-44000\/pour-dire-stop-a-l-insecurite-a-nantes-des-centaines-de-personnes-mobilisees-624e4afc-418c-11ed-9e76-0f8a26c6af68\">https:\/\/www.ouest-france.fr\/pays-de-la-loire\/nantes-44000\/pour-dire-stop-a-l-insecurite-a-nantes-des-centaines-de-personnes-mobilisees-624e4afc-418c-11ed-9e76-0f8a26c6af68<\/a><\/p>\n\n\n\n<p class=\"has-small-font-size\">Ouest-France &#8211; Pour les anciens de la PJ, \u00ab&nbsp; la famille est attaqu\u00e9e&nbsp; \u00bb&nbsp; 10 octobre 2022<\/p>\n\n\n\n<p class=\"has-small-font-size\"><a href=\"https:\/\/nouveau-europresse-com.proxybib-pp.cnam.fr\/Link\/CNAM\/news%c2%b720221010%c2%b7OF%c2%b713797172-38f9-11ed-8b3d-3215396223a4\">https:\/\/nouveau-europresse-com.proxybib-pp.cnam.fr\/Link\/CNAM\/news%c2%b720221010%c2%b7OF%c2%b713797172-38f9-11ed-8b3d-3215396223a4<\/a><\/p>\n\n\n\n<p class=\"has-small-font-size\"><a href=\"https:\/\/www.valeursactuelles.com\/regions\/pays-de-la-loire\/loire-atlantique\/nantes\/societe\/viol-a-nantes-un-festival-de-la-culture-soudanaise-organise-pour-eviter-les-amalgames\" target=\"_blank\" rel=\"noreferrer noopener\">Valeurs Actualles &#8211; Viol \u00e0 Nantes : un festival de la culture soudanaise organis\u00e9 pour \u201c\u00e9viter les amalgames\u201d &#8211; Publi\u00e9 le 30 septembre 2022<\/a><\/p>\n\n\n\n<p class=\"has-small-font-size\">Le Point &#8211; Entretien. Pourquoi la d\u00e9linquance prosp\u00e8re-t-elle en France ? Les explications d&rsquo;Anthony Borr\u00e9, premier adjoint du maire de Nice, en pointe sur le sujet. -Publi\u00e9 29 septembre 2022<\/p>\n\n\n\n<p class=\"has-small-font-size\"><a href=\"https:\/\/nouveau-europresse-com.proxybib-pp.cnam.fr\/Document\/View?viewEvent=1&amp;docRefId=0&amp;docName=news%C2%B720220929%C2%B7POR%C2%B723673745lpw&amp;docIndex=113\">https:\/\/nouveau-europresse-com.proxybib-pp.cnam.fr\/Document\/View?viewEvent=1&amp;docRefId=0&amp;docName=news%C2%B720220929%C2%B7POR%C2%B723673745lpw&amp;docIndex=113<\/a><\/p>\n\n\n\n<p class=\"has-small-font-size\">Valeurs Actuelles &#8211; Depuis une dizaine d&rsquo;ann\u00e9es, la ville des ducs de Bretagne conna\u00eet une hausse spectaculaire de la d\u00e9linquance &#8211; Publi\u00e9 15 septembre 2022<\/p>\n\n\n\n<p class=\"has-small-font-size\"><a href=\"https:\/\/nouveau-europresse-com.proxybib-pp.cnam.fr\/Document\/View?viewEvent=1&amp;docRefId=0&amp;docName=news%C2%B720220915%C2%B7VAA%C2%B74653800&amp;docIndex=60\">https:\/\/nouveau-europresse-com.proxybib-pp.cnam.fr\/Document\/View?viewEvent=1&amp;docRefId=0&amp;docName=news%C2%B720220915%C2%B7VAA%C2%B74653800&amp;docIndex=60<\/a><\/p>\n\n\n\n<p class=\"has-small-font-size\">Valeurs Actuelles &#8211; \u00ab\u00a0Inaction coupable\u00a0\u00bb, \u00ab\u00a0violences diverses\u00a0\u00bb : les Nantais se mobilisent contre l&rsquo;ins\u00e9curit\u00e9 &#8211; Publi\u00e9 le 27 septembre 2022<\/p>\n\n\n\n<p class=\"has-small-font-size\"><a href=\"https:\/\/nouveau-europresse-com.proxybib-pp.cnam.fr\/Link\/CNAM\/news%c2%b720220927%c2%b7VAB%c2%b7239135\">https:\/\/nouveau-europresse-com.proxybib-pp.cnam.fr\/Link\/CNAM\/news%c2%b720220927%c2%b7VAB%c2%b7239135<\/a><\/p>\n\n\n\n<p class=\"has-small-font-size\">Le Figaro &#8211; Les transports min\u00e9s par la d\u00e9linquance \u00e9trang\u00e8re &#8211; Publi\u00e9 le 27 septembre.<\/p>\n\n\n\n<p class=\"has-small-font-size\"><a href=\"https:\/\/nouveau-europresse-com.proxybib-pp.cnam.fr\/Link\/CNAM\/news%c2%b720220917%c2%b7LF%c2%b7992%c3%9720%c3%972187727317\">https:\/\/nouveau-europresse-com.proxybib-pp.cnam.fr\/Link\/CNAM\/news%c2%b720220917%c2%b7LF%c2%b7992%c3%9720%c3%972187727317<\/a><\/p>\n\n\n\n<p class=\"has-small-font-size\">Le Courrier de l&rsquo;Ouest &#8211; La question du jour. Avez-vous une bonne image de Nantes malgr\u00e9 les affaires de violences ? &#8211; Publi\u00e9 le 30 septembre 2022<br><a href=\"https:\/\/nouveau-europresse-com.proxybib-pp.cnam.fr\/Link\/CNAM\/news%c2%b720220930%c2%b7OCW%c2%b72748fb76-40d5-11ed-89be-3116781a5058\">https:\/\/nouveau-europresse-com.proxybib-pp.cnam.fr\/Link\/CNAM\/news%c2%b720220930%c2%b7OCW%c2%b72748fb76-40d5-11ed-89be-3116781a5058<\/a><\/p>\n\n\n\n<p class=\"has-small-font-size\">Le Point&nbsp; &#8211; \u00c0 Nantes, l&rsquo;exasp\u00e9ration des habitants face aux \u00ab zones de non-droit \u00bb &#8211; Publi\u00e9 le 28 septembre 2022<\/p>\n\n\n\n<p class=\"has-small-font-size\"><a href=\"https:\/\/nouveau-europresse-com.proxybib-pp.cnam.fr\/Link\/CNAM\/news%c2%b720220928%c2%b7POR%c2%b723669126lpw\">https:\/\/nouveau-europresse-com.proxybib-pp.cnam.fr\/Link\/CNAM\/news%c2%b720220928%c2%b7POR%c2%b723669126lpw<\/a><\/p>\n\n\n\n<p class=\"has-small-font-size\">Paris Match &#8211; Pour Bruno Retailleau, \u00abNantes est le symbole de l&rsquo;\u00e9chec des politiques de s\u00e9curit\u00e9 publique\u00bb &#8211; Publi\u00e9 le 30 septembre 2022<\/p>\n\n\n\n<p class=\"has-small-font-size\"><a href=\"https:\/\/nouveau-europresse-com.proxybib-pp.cnam.fr\/Link\/CNAM\/news%c2%b720220930%c2%b7LPB%c2%b71064082_6999055886_9915140\">https:\/\/nouveau-europresse-com.proxybib-pp.cnam.fr\/Link\/CNAM\/news%c2%b720220930%c2%b7LPB%c2%b71064082_6999055886_9915140<\/a><\/p>\n\n\n\n<p class=\"has-small-font-size\">La Croix &#8211; Nantes est-elle en proie \u00e0 une ins\u00e9curit\u00e9 grandissante ? &#8211; Publi\u00e9 29 de septembre 2022<\/p>\n\n\n\n<p class=\"has-small-font-size\"><a href=\"https:\/\/nouveau-europresse-com.proxybib-pp.cnam.fr\/Link\/CNAM\/news%c2%b720220929%c2%b7LC%c2%b7o4lx-1583245\">https:\/\/nouveau-europresse-com.proxybib-pp.cnam.fr\/Link\/CNAM\/news%c2%b720220929%c2%b7LC%c2%b7o4lx-1583245<\/a><\/p>\n\n\n\n<p class=\"has-small-font-size\">Lib\u00e9ration &#8211; Ins\u00e9curit\u00e9 A Nantes, \u00abon n&rsquo;est pas non plus \u00e0 Chicago\u00bb &#8211; Publi\u00e9 le 12 novembre 2022<\/p>\n\n\n\n<p class=\"has-small-font-size\"><a href=\"https:\/\/nouveau-europresse-com.proxybib-pp.cnam.fr\/Search\/ResultMobile\/0\">https:\/\/nouveau-europresse-com.proxybib-pp.cnam.fr\/Search\/ResultMobile\/0<\/a><\/p>\n\n\n\n<p class=\"has-small-font-size\">L&rsquo;Obs &#8211; Nantes, une ville sous tension &#8211; Publi\u00e9 le 1 novembre 2022<\/p>\n\n\n\n<p class=\"has-small-font-size\"><a href=\"https:\/\/nouveau-europresse-com.proxybib-pp.cnam.fr\/Link\/CNAM\/news%c2%b720221101%c2%b7OA%c2%b720221101%c3%972obs65395\">https:\/\/nouveau-europresse-com.proxybib-pp.cnam.fr\/Link\/CNAM\/news%c2%b720221101%c2%b7OA%c2%b720221101%c3%972obs65395<\/a><\/p>\n\n\n\n<p class=\"has-small-font-size\">La Croix &#8211; Comment les cambriolages ont \u00ab\u2009nettement\u2009\u00bb baiss\u00e9 \u00e0 Rez\u00e9 &#8211; Publi\u00e9 le 16 novembre 2022<\/p>\n\n\n\n<p class=\"has-small-font-size\"><a href=\"https:\/\/nouveau-europresse-com.proxybib-pp.cnam.fr\/Link\/CNAM\/news%c2%b720221116%c2%b7LC%c2%b7o4lx-1598415\">https:\/\/nouveau-europresse-com.proxybib-pp.cnam.fr\/Link\/CNAM\/news%c2%b720221116%c2%b7LC%c2%b7o4lx-1598415<\/a><\/p>\n\n\n\n<p class=\"has-small-font-size\">Le Monde &#8211; A Nantes, drogue et r\u00e8glements de comptes &#8211; Publi\u00e9 le 18 octobre 2022<\/p>\n\n\n\n<p class=\"has-small-font-size\"><a href=\"https:\/\/nouveau-europresse-com.proxybib-pp.cnam.fr\/Link\/CNAM\/news%c2%b720221018%c2%b7LM%c2%b7202210182%c3%9720%c3%972778583530\">https:\/\/nouveau-europresse-com.proxybib-pp.cnam.fr\/Link\/CNAM\/news%c2%b720221018%c2%b7LM%c2%b7202210182%c3%9720%c3%972778583530<\/a><\/p>\n\n\n\n<p class=\"has-small-font-size\">L\u2019Obs &#8211; Johanna Rolland, maire de Nantes : \u00ab Etre de gauche, ce n&rsquo;est pas fermer les yeux sur l&rsquo;ins\u00e9curit\u00e9 \u00bb &#8211; Publi\u00e9 le 1 novembre 2022<\/p>\n\n\n\n<p class=\"has-small-font-size\"><a href=\"https:\/\/nouveau-europresse-com.proxybib-pp.cnam.fr\/Link\/CNAM\/news%c2%b720221101%c2%b7OA%c2%b720221101%c3%972obs65396\">https:\/\/nouveau-europresse-com.proxybib-pp.cnam.fr\/Link\/CNAM\/news%c2%b720221101%c2%b7OA%c2%b720221101%c3%972obs65396<\/a><\/p>\n\n\n\n<p class=\"has-small-font-size\">Le T\u00e9l\u00e9gramme &#8211; Un millier de manifestants dans les rues de Nantes pour d\u00e9noncer l&rsquo;ins\u00e9curit\u00e9 &#8211; Sophie Pr\u00e9vost &#8211; Consult\u00e9 le 07\/10\/2022.&nbsp; Publi\u00e9 le 2 octobre 2022. Disponible sur:<\/p>\n\n\n\n<p class=\"has-small-font-size\"><a href=\"https:\/\/nouveau-europresse-com.proxybib-pp.cnam.fr\/Link\/CNAM\/news%c2%b720221002%c2%b7TL%c2%b72%c3%9720%c3%972435735263\">https:\/\/nouveau-europresse-com.proxybib-pp.cnam.fr\/Link\/CNAM\/news%c2%b720221002%c2%b7TL%c2%b72%c3%9720%c3%972435735263<\/a><\/p>\n\n\n\n<p class=\"has-small-font-size\">Aujourd&rsquo;hui en France &#8211; Photographi\u00e9s par un \u00ab voisin vigilant \u00bb, les deux cambrioleurs l&rsquo;auraient tu\u00e9 &#8211; Publi\u00e9 le 18 octobre 2022<\/p>\n\n\n\n<p class=\"has-small-font-size\"><a href=\"https:\/\/nouveau-europresse-com.proxybib-pp.cnam.fr\/Link\/CNAM\/news%c2%b720221018%c2%b7PJ%c2%b7301051339972\">https:\/\/nouveau-europresse-com.proxybib-pp.cnam.fr\/Link\/CNAM\/news%c2%b720221018%c2%b7PJ%c2%b7301051339972<\/a><\/p>\n\n\n\n<p class=\"has-small-font-size\">Aujourd&rsquo;hui en France &#8211; Nantes veut retrouver la s\u00e9r\u00e9nit\u00e9. Consult\u00e9 le 07\/10\/2022. Publi\u00e9 le 1 octobre 2022. Disponible sur:<\/p>\n\n\n\n<p class=\"has-small-font-size\"><a href=\"https:\/\/nouveau-europresse-com.proxybib-pp.cnam.fr\/Link\/CNAM\/news%c2%b720221001%c2%b7PJ%c2%b730816197055\">https:\/\/nouveau-europresse-com.proxybib-pp.cnam.fr\/Link\/CNAM\/news%c2%b720221001%c2%b7PJ%c2%b730816197055<\/a><\/p>\n\n\n\n<p class=\"has-small-font-size\">Le Parisien &#8211; Viol \u00e0 Nantes : deux suspects, \u00e2g\u00e9s de 17 et 27 ans, mis en examen et \u00e9crou\u00e9s &#8211; Publi\u00e9 le 26 septembre 2022<\/p>\n\n\n\n<p class=\"has-small-font-size\"><a href=\"https:\/\/nouveau-europresse-com.proxybib-pp.cnam.fr\/Link\/CNAM\/news%c2%b720220926%c2%b7PJW%c2%b7m7pguh5g5ndbklgd4ii7rbppym\">https:\/\/nouveau-europresse-com.proxybib-pp.cnam.fr\/Link\/CNAM\/news%c2%b720220926%c2%b7PJW%c2%b7m7pguh5g5ndbklgd4ii7rbppym<\/a><\/p>\n\n\n\n<p class=\"has-small-font-size\">Le Parisien &#8211; Nantes : deux Soudanais pr\u00e9sent\u00e9s \u00e0 un juge apr\u00e8s le viol en r\u00e9union en plein centre-ville &#8211; Publi\u00e9 le 26 septembre 2022<\/p>\n\n\n\n<p class=\"has-small-font-size\"><a href=\"https:\/\/nouveau-europresse-com.proxybib-pp.cnam.fr\/Link\/CNAM\/news%c2%b720220926%c2%b7PJW%c2%b7p5pwakr5ifbatnj765d4plnfmq\">https:\/\/nouveau-europresse-com.proxybib-pp.cnam.fr\/Link\/CNAM\/news%c2%b720220926%c2%b7PJW%c2%b7p5pwakr5ifbatnj765d4plnfmq<\/a><\/p>\n\n\n\n<p><strong>Article acad\u00e9mique<\/strong><\/p>\n\n\n\n<p>Courcelle, T. (2003). Le r\u00f4le de la presse quotidienne r\u00e9gionale bretonne dans la cr\u00e9ation d&rsquo;une \u00ab identit\u00e9 bretonne \u00bb : \u00e9tude comparative de Ouest-France et du T\u00e9l\u00e9gramme. H\u00e9rodote, 110, 129-148. <a href=\"https:\/\/doi.org\/10.3917\/her.110.0129\">https:\/\/doi.org\/10.3917\/her.110.0129<\/a><\/p>\n\n\n\n<p><strong>Liens d&rsquo;int\u00e9r\u00eat:<\/strong><\/p>\n\n\n\n<ul class=\"has-small-font-size wp-block-list\">\n<li><a href=\"https:\/\/www.integrersciencespo.fr\/comprendre-la-politique\">https:\/\/www.integrersciencespo.fr\/comprendre-la-politique<\/a><\/li>\n\n\n\n<li><a href=\"https:\/\/www.marianne.net\/politique\/la-couleur-politique-des-medias\">https:\/\/www.marianne.net\/politique\/la-couleur-politique-des-medias<\/a><\/li>\n\n\n\n<li><a href=\"https:\/\/github.com\/mdiplo\/Medias_francais\/blob\/master\/medias_francais.tsv\">https:\/\/github.com\/mdiplo\/Medias_francais\/blob\/master\/medias_francais.tsv<\/a><\/li>\n\n\n\n<li><a href=\"https:\/\/www.monde-diplomatique.fr\/cartes\/PPA\">https:\/\/www.monde-diplomatique.fr\/cartes\/PPA<\/a><\/li>\n\n\n\n<li><a href=\"https:\/\/www.acpm.fr\/Les-chiffres\/Diffusion-Presse\/Presse-Payante\/Presse-Quotidienne-Nationale\">https:\/\/www.acpm.fr\/Les-chiffres\/Diffusion-Presse\/Presse-Payante\/Presse-Quotidienne-Nationale<\/a><\/li>\n\n\n\n<li><a href=\"https:\/\/www.insee.fr\/fr\/statistiques\/5763633\">https:\/\/www.insee.fr\/fr\/statistiques\/5763633<\/a><\/li>\n<\/ul>\n","protected":false},"excerpt":{"rendered":"<p>En 2022, les m\u00e9dias, notamment la presse \u00e9crite, ont publi\u00e9 de nombreux articles sur la d\u00e9linquance \u00e0 Nantes, un sujet qui semble \u00eatre devenu un probl\u00e8me majeur de s\u00e9curit\u00e9 publique dans l&rsquo;agglom\u00e9ration. En effet, ces derniers mois, plusieurs faits de d\u00e9linquance se sont d\u00e9roul\u00e9s dans cette r\u00e9gion ce qui a provoqu\u00e9 l\u2019augmentation des publications par &hellip; <\/p>\n","protected":false},"author":1,"featured_media":991,"comment_status":"closed","ping_status":"closed","template":"","meta":{"ngg_post_thumbnail":0},"rara_portfolio_categories":[27],"class_list":["post-985","rara-portfolio","type-rara-portfolio","status-publish","has-post-thumbnail","hentry","rara_portfolio_categories-dataviz"],"_links":{"self":[{"href":"https:\/\/javierladino.com\/fr\/wp-json\/wp\/v2\/rara-portfolio\/985","targetHints":{"allow":["GET"]}}],"collection":[{"href":"https:\/\/javierladino.com\/fr\/wp-json\/wp\/v2\/rara-portfolio"}],"about":[{"href":"https:\/\/javierladino.com\/fr\/wp-json\/wp\/v2\/types\/rara-portfolio"}],"author":[{"embeddable":true,"href":"https:\/\/javierladino.com\/fr\/wp-json\/wp\/v2\/users\/1"}],"replies":[{"embeddable":true,"href":"https:\/\/javierladino.com\/fr\/wp-json\/wp\/v2\/comments?post=985"}],"wp:featuredmedia":[{"embeddable":true,"href":"https:\/\/javierladino.com\/fr\/wp-json\/wp\/v2\/media\/991"}],"wp:attachment":[{"href":"https:\/\/javierladino.com\/fr\/wp-json\/wp\/v2\/media?parent=985"}],"wp:term":[{"taxonomy":"rara_portfolio_categories","embeddable":true,"href":"https:\/\/javierladino.com\/fr\/wp-json\/wp\/v2\/rara_portfolio_categories?post=985"}],"curies":[{"name":"wp","href":"https:\/\/api.w.org\/{rel}","templated":true}]}}